{"id":72,"date":"2026-02-10T13:50:54","date_gmt":"2026-02-10T12:50:54","guid":{"rendered":"https:\/\/immopartners.onyx.casasoft.ch\/a-propos\/"},"modified":"2026-02-26T11:34:50","modified_gmt":"2026-02-26T10:34:50","slug":"a-propos","status":"publish","type":"page","link":"https:\/\/immopartners.ch\/en\/a-propos\/","title":{"rendered":"A propos"},"content":{"rendered":"\n<div class=\"wp-block-casasoft-blocks-container  bg-white align-items-lg-center cs-hero\"><div class=\"container\">\n<div class=\"wp-block-columns is-layout-flex wp-container-core-columns-is-layout-28f84493 wp-block-columns-is-layout-flex\">\n<div class=\"wp-block-column is-layout-flow wp-block-column-is-layout-flow\">\n<div class=\"wp-block-casasoft-blocks-card cs-card border-radius  large bg-white\"><div class=\"cs-card-content\">\n\n<div class=\"wp-block-casasoft-blocks-heading cs-heading\"><h1 class=\"\">Notre \u00e9quipe<\/h1><\/div>\n\n<\/div><\/div>\n<\/div>\n\n\n\n<div class=\"wp-block-column is-layout-flow wp-block-column-is-layout-flow\">\n<div class=\"wp-block-casasoft-blocks-image border-radius hero-image\"><img decoding=\"async\" src=\"https:\/\/immopartners.ch\/wp-content\/uploads\/sites\/28\/2026\/02\/Equipe-scaled.webp\" alt=\"\" class=\"cs-image img-fluid semi-portrait hd\"\/><\/div>\n<\/div>\n<\/div>\n<\/div><\/div>\n\n\n\n<div class=\"wp-block-casasoft-blocks-container spacer-top-large  bg-primary\"><div class=\"container\">\n<div class=\"wp-block-columns is-layout-flex wp-container-core-columns-is-layout-28f84493 wp-block-columns-is-layout-flex\">\n<div class=\"wp-block-column is-layout-flow wp-block-column-is-layout-flow\" style=\"flex-basis:25%\"><\/div>\n\n\n\n<div class=\"wp-block-column is-layout-flow wp-block-column-is-layout-flow\" style=\"flex-basis:50%\">\n<div class=\"wp-block-casasoft-blocks-heading cs-heading\"><h2 class=\"\">Ce qui caract\u00e9rise notre \u00e9quipe&nbsp;:<\/h2><\/div>\n\n\n\n<p class=\"wp-block-casasoft-blocks-text text-small\">Immo Partners est une entreprise familiale \u00e0 taille humaine.<br>Nous privil\u00e9gions la proximit\u00e9, l\u2019\u00e9coute et un engagement sinc\u00e8re aupr\u00e8s de chacun de nos clients.<br>Gr\u00e2ce \u00e0 notre parfaite connaissance du march\u00e9 immobilier romand, nous proposons un accompagnement pr\u00e9cis et personnalis\u00e9.<br>Chez Immo Partners, chaque projet est trait\u00e9 avec implication, transparence et passion.<\/p>\n<\/div>\n\n\n\n<div class=\"wp-block-column is-layout-flow wp-block-column-is-layout-flow\" style=\"flex-basis:25%\"><\/div>\n<\/div>\n<\/div><\/div>\n\n\n\n<div class=\"wp-block-casasoft-blocks-container spacer-top-large spacer-bottom-large bg-primary  team-pattern\"><div class=\"container\">\n<div class=\"wp-block-casasoft-blocks-heading cs-heading spacer-bottom-small\"><h2 class=\"\">Notre \u00e9quipe&nbsp;:<\/h2><\/div>\n\n\n        <div class=\"team-posts\">\n                        <div class=\"row\" id=\"teamResults\">\n                                            <div class=\"col-xl-4 col-lg-6 margin-bottom-md\">\n                                <div class=\"team-member\">\n\n    \n    <div class=\"team-member__image-outer margin-bottom-s\">\n                    <div class=\"team-member__image lazyload threetwo\" data-bg=\"https:\/\/immopartners.ch\/wp-content\/uploads\/sites\/28\/2026\/02\/Yann-1-1024x683.webp\"><\/div>\n            <\/div>                        \n    <div class=\"team-member__inner\">\n        <h3>\n            Yann Sonrel Belfio        <\/h3>\n                    <div class=\"team-member__position color-silver margin-bottom-sm\">\n                <p>Administrateur &#8211; Fondateur<\/p>\n            <\/div>\n                <div class=\"team-member__links d-flex flex-column gap-6 margin-bottom-s\">\n                                <\/div>  \n                  \n    <\/div>\n\n    <\/div>                            <\/div>\n                                                    <div class=\"col-xl-4 col-lg-6 margin-bottom-md\">\n                                <div class=\"team-member\">\n\n    \n    <div class=\"team-member__image-outer margin-bottom-s\">\n                    <div class=\"team-member__image lazyload threetwo\" data-bg=\"https:\/\/immopartners.ch\/wp-content\/uploads\/sites\/28\/2026\/02\/Swen-1-1024x683.webp\"><\/div>\n            <\/div>                        \n    <div class=\"team-member__inner\">\n        <h3>\n            Swen Buffat        <\/h3>\n                    <div class=\"team-member__position color-silver margin-bottom-sm\">\n                <p>Conseiller en immobilier \u2013 Ventes<\/p>\n            <\/div>\n                <div class=\"team-member__links d-flex flex-column gap-6 margin-bottom-s\">\n                                <\/div>  \n                  \n    <\/div>\n\n    <\/div>                            <\/div>\n                                                    <div class=\"col-xl-4 col-lg-6 margin-bottom-md\">\n                                <div class=\"team-member\">\n\n    \n    <div class=\"team-member__image-outer margin-bottom-s\">\n                    <div class=\"team-member__image lazyload threetwo\" data-bg=\"https:\/\/immopartners.ch\/wp-content\/uploads\/sites\/28\/2026\/02\/Kristen-1024x683.webp\"><\/div>\n            <\/div>                        \n    <div class=\"team-member__inner\">\n        <h3>\n            Kristen Sonrel        <\/h3>\n                    <div class=\"team-member__position color-silver margin-bottom-sm\">\n                <p>Administration<\/p>\n            <\/div>\n                <div class=\"team-member__links d-flex flex-column gap-6 margin-bottom-s\">\n                                <\/div>  \n                  \n    <\/div>\n\n    <\/div>                            <\/div>\n                                                    <div class=\"col-xl-4 col-lg-6 margin-bottom-md\">\n                                <div class=\"team-member\">\n\n    \n    <div class=\"team-member__image-outer margin-bottom-s\">\n                    <div class=\"team-member__image lazyload threetwo\" data-bg=\"https:\/\/immopartners.ch\/wp-content\/uploads\/sites\/28\/2026\/02\/Ana-1024x683.webp\"><\/div>\n            <\/div>                        \n    <div class=\"team-member__inner\">\n        <h3>\n            Ana Gon\u00e7alves        <\/h3>\n                    <div class=\"team-member__position color-silver margin-bottom-sm\">\n                <p>Responsable visuels<\/p>\n            <\/div>\n                <div class=\"team-member__links d-flex flex-column gap-6 margin-bottom-s\">\n                                <\/div>  \n                  \n    <\/div>\n\n    <\/div>                            <\/div>\n                                    <\/div>\n            <div id=\"spinnerResults\" class=\"spinner-outer d-none\">\n                <svg class=\"spinner\" viewBox=\"0 0 50 50\">\n                    <circle class=\"path\" cx=\"25\" cy=\"25\" r=\"20\" fill=\"none\" stroke-width=\"5\"><\/circle>\n                <\/svg>\n            <\/div>\n        <\/div>\n        <script>\n        var posts_team = {\"post_type\":\"team\",\"ignore_sticky_posts\":true,\"post_status\":\"publish\",\"posts_per_page\":\"-1\",\"order\":\"asc\",\"orderby\":\"menu_order\"},\n            posts_category = '',\n            current_lang = 'en',\n            team_columns = 3;\n    <\/script>\n    <\/div><\/div>\n\n\n\n<div class=\"wp-block-casasoft-blocks-container spacer-top-large spacer-bottom-large bg-light  testimonials-pattern\"><div class=\"container\">\n<div class=\"wp-block-casasoft-blocks-heading cs-heading spacer-bottom-small\"><div class=\"cs-supertitle\">T\u00e9moignages<\/div><h2 class=\"\">Quelques t\u00e9moignages de nos clients&nbsp;:<\/h2><\/div>\n\n\n        <div class=\"testimonial-posts\">\n            <div class=\"row\" id=\"testimonialResults\">\n                                            <div class=\"col-xl-4 col-lg-6 margin-bottom-md\">\n                                <div class=\"testimonial-post br-4 bg-light\">\n    <div class=\"testimonial-post__inner\">\n        <div class=\"testimonial-post__content margin-bottom-sm\">\n            <p>\n                Apr\u00e8s avoir travaill\u00e9 de nombreuses fois avec cette soci\u00e9t\u00e9 et M. Sonrel, j\u2019ai toujours \u00e9t\u00e9 tr\u00e8s satisfait du travail effectu\u00e9 et l\u2019efficacit\u00e9 de leur services ! Je recommande            <\/p>\n        <\/div>\n        <div class=\"testimonial-post__bottom d-flex gap-12 flex-row\">\n                        <div class=\"testimonial-post__name cs-text-default-xs\">\n                <div class=\"weight-600\">\n                    Samuel Desarzens                <\/div>\n                            <\/div>\n        <\/div>\n    <\/div>\n<\/div>                            <\/div>\n                                                    <div class=\"col-xl-4 col-lg-6 margin-bottom-md\">\n                                <div class=\"testimonial-post br-4 bg-light\">\n    <div class=\"testimonial-post__inner\">\n        <div class=\"testimonial-post__content margin-bottom-sm\">\n            <p>\n                \u00c9quipe tr\u00e8s professionnelle, \u00e0 l\u2019\u00e9coute et comp\u00e9tence au top. \r\nVous pouvez leur confier votre projet les yeux ferm\u00e9s.            <\/p>\n        <\/div>\n        <div class=\"testimonial-post__bottom d-flex gap-12 flex-row\">\n                        <div class=\"testimonial-post__name cs-text-default-xs\">\n                <div class=\"weight-600\">\n                    Anthony Correia                <\/div>\n                            <\/div>\n        <\/div>\n    <\/div>\n<\/div>                            <\/div>\n                                                    <div class=\"col-xl-4 col-lg-6 margin-bottom-md\">\n                                <div class=\"testimonial-post br-4 bg-light\">\n    <div class=\"testimonial-post__inner\">\n        <div class=\"testimonial-post__content margin-bottom-sm\">\n            <p>\n                Super exp\u00e9rience avec M. Buffat. Il est tr\u00e8s qualifi\u00e9 et de bons conseils tout en restant objectif.            <\/p>\n        <\/div>\n        <div class=\"testimonial-post__bottom d-flex gap-12 flex-row\">\n                        <div class=\"testimonial-post__name cs-text-default-xs\">\n                <div class=\"weight-600\">\n                    L\u00eddia MG                <\/div>\n                            <\/div>\n        <\/div>\n    <\/div>\n<\/div>                            <\/div>\n                                                    <div class=\"col-xl-4 col-lg-6 margin-bottom-md\">\n                                <div class=\"testimonial-post br-4 bg-light\">\n    <div class=\"testimonial-post__inner\">\n        <div class=\"testimonial-post__content margin-bottom-sm\">\n            <p>\n                J\u2019ai \u00e9t\u00e9 tr\u00e8s satisfait du service fourni par l\u2019entreprise IPSA Solutions Immobili\u00e8res SA. Un grand merci \u00e0 M. Sonrel pour son professionnalisme, sa disponibilit\u00e9 et la qualit\u00e9 de son accompagnement. Le service rendu a \u00e9t\u00e9 clair, efficace et \u00e0 la hauteur de mes attentes. Je recommande vivement cette entreprise.            <\/p>\n        <\/div>\n        <div class=\"testimonial-post__bottom d-flex gap-12 flex-row\">\n                        <div class=\"testimonial-post__name cs-text-default-xs\">\n                <div class=\"weight-600\">\n                    Michael Cabo Dias                <\/div>\n                            <\/div>\n        <\/div>\n    <\/div>\n<\/div>                            <\/div>\n                                                    <div class=\"col-xl-4 col-lg-6 margin-bottom-md\">\n                                <div class=\"testimonial-post br-4 bg-light\">\n    <div class=\"testimonial-post__inner\">\n        <div class=\"testimonial-post__content margin-bottom-sm\">\n            <p>\n                Qualit\u00e9 de renseignement tr\u00e8s pr\u00e9cis et efficace, personnel jeune et dynamique, personne de confiance !\r\nMerci            <\/p>\n        <\/div>\n        <div class=\"testimonial-post__bottom d-flex gap-12 flex-row\">\n                        <div class=\"testimonial-post__name cs-text-default-xs\">\n                <div class=\"weight-600\">\n                    Maiorano Alessandro                <\/div>\n                            <\/div>\n        <\/div>\n    <\/div>\n<\/div>                            <\/div>\n                                                    <div class=\"col-xl-4 col-lg-6 margin-bottom-md\">\n                                <div class=\"testimonial-post br-4 bg-light\">\n    <div class=\"testimonial-post__inner\">\n        <div class=\"testimonial-post__content margin-bottom-sm\">\n            <p>\n                Sympathiques, efficaces, r\u00e9actifs: d&#8217;excellents professionnels honn\u00eates et qui vous donnerons sans aucun doute enti\u00e8re satisfaction!\r\nNous les recommandons vivement!            <\/p>\n        <\/div>\n        <div class=\"testimonial-post__bottom d-flex gap-12 flex-row\">\n                        <div class=\"testimonial-post__name cs-text-default-xs\">\n                <div class=\"weight-600\">\n                    Cesar Jaton                <\/div>\n                            <\/div>\n        <\/div>\n    <\/div>\n<\/div>                            <\/div>\n                                    <\/div>\n            <div class=\"btn-outer d-flex justify-content-center spacer-top-small\">\n                <div class=\"btn btn-primary btn--loadmore\" id=\"testimonialLoadMore\" role=\"button\" style=\"display:none;\">\n                    Show more posts                <\/div>\n            <\/div>\n            <div id=\"spinnerResults\" class=\"spinner-outer d-none\">\n                <svg class=\"spinner\" viewBox=\"0 0 50 50\">\n                    <circle class=\"path\" cx=\"25\" cy=\"25\" r=\"20\" fill=\"none\" stroke-width=\"5\"><\/circle>\n                <\/svg>\n            <\/div>\n        <\/div>\n         <script>\n        var post_posts = {\"post_type\":\"testimonial\",\"ignore_sticky_posts\":true,\"post_status\":\"publish\",\"posts_per_page\":14,\"orderby\":\"menu_order\",\"order\":\"asc\"},\n            posts_category = '',\n            post_current_page = 1,\n            post_posts_per_page = 14,\n            post_current_lang = 'en',\n            post_columns = 3,\n            post_hide_date = true,\n            post_max_page = 1;\n    <\/script>\n    <\/div><\/div>\n","protected":false},"excerpt":{"rendered":"","protected":false},"author":1,"featured_media":0,"parent":0,"menu_order":0,"comment_status":"closed","ping_status":"closed","template":"","meta":{"_acf_changed":false,"inline_featured_image":false,"footnotes":""},"class_list":["post-72","page","type-page","status-publish","hentry"],"acf":[],"yoast_head":"<!-- This site is optimized with the Yoast SEO plugin v27.5 - https:\/\/yoast.com\/product\/yoast-seo-wordpress\/ -->\n<title>A propos - IPSA Solutions immobili\u00e8res SA<\/title>\n<meta name=\"robots\" content=\"index, follow, max-snippet:-1, max-image-preview:large, max-video-preview:-1\" \/>\n<link rel=\"canonical\" href=\"https:\/\/immopartners.ch\/en\/a-propos\/\" \/>\n<meta property=\"og:locale\" content=\"en_US\" \/>\n<meta property=\"og:type\" content=\"article\" \/>\n<meta property=\"og:title\" content=\"A propos - IPSA Solutions immobili\u00e8res SA\" \/>\n<meta property=\"og:url\" content=\"https:\/\/immopartners.ch\/en\/a-propos\/\" \/>\n<meta property=\"og:site_name\" content=\"IPSA Solutions immobili\u00e8res SA\" \/>\n<meta property=\"article:modified_time\" content=\"2026-02-26T10:34:50+00:00\" \/>\n<meta property=\"og:image\" content=\"https:\/\/immopartners.ch\/wp-content\/uploads\/sites\/28\/2026\/02\/Equipe-scaled.webp\" \/>\n<meta name=\"twitter:card\" content=\"summary_large_image\" \/>\n<meta name=\"twitter:label1\" content=\"Est. reading time\" \/>\n\t<meta name=\"twitter:data1\" content=\"1 minute\" \/>\n<!-- \/ Yoast SEO plugin. -->","yoast_head_json":{"title":"A propos - IPSA Solutions immobili\u00e8res SA","robots":{"index":"index","follow":"follow","max-snippet":"max-snippet:-1","max-image-preview":"max-image-preview:large","max-video-preview":"max-video-preview:-1"},"canonical":"https:\/\/immopartners.ch\/en\/a-propos\/","og_locale":"en_US","og_type":"article","og_title":"A propos - IPSA Solutions immobili\u00e8res SA","og_url":"https:\/\/immopartners.ch\/en\/a-propos\/","og_site_name":"IPSA Solutions immobili\u00e8res SA","article_modified_time":"2026-02-26T10:34:50+00:00","og_image":[{"url":"https:\/\/immopartners.ch\/wp-content\/uploads\/sites\/28\/2026\/02\/Equipe-scaled.webp","type":"","width":"","height":""}],"twitter_card":"summary_large_image","twitter_misc":{"Est. reading time":"1 minute"},"schema":{"@context":"https:\/\/schema.org","@graph":[{"@type":"WebPage","@id":"https:\/\/immopartners.ch\/en\/a-propos\/","url":"https:\/\/immopartners.ch\/en\/a-propos\/","name":"A propos - IPSA Solutions immobili\u00e8res SA","isPartOf":{"@id":"https:\/\/immopartners.ch\/#website"},"primaryImageOfPage":{"@id":"https:\/\/immopartners.ch\/en\/a-propos\/#primaryimage"},"image":{"@id":"https:\/\/immopartners.ch\/en\/a-propos\/#primaryimage"},"thumbnailUrl":"https:\/\/immopartners.ch\/wp-content\/uploads\/sites\/28\/2026\/02\/Equipe-scaled.webp","datePublished":"2026-02-10T12:50:54+00:00","dateModified":"2026-02-26T10:34:50+00:00","breadcrumb":{"@id":"https:\/\/immopartners.ch\/en\/a-propos\/#breadcrumb"},"inLanguage":"en-US","potentialAction":[{"@type":"ReadAction","target":["https:\/\/immopartners.ch\/en\/a-propos\/"]}]},{"@type":"ImageObject","inLanguage":"en-US","@id":"https:\/\/immopartners.ch\/en\/a-propos\/#primaryimage","url":"https:\/\/immopartners.ch\/wp-content\/uploads\/sites\/28\/2026\/02\/Equipe-scaled.webp","contentUrl":"https:\/\/immopartners.ch\/wp-content\/uploads\/sites\/28\/2026\/02\/Equipe-scaled.webp"},{"@type":"BreadcrumbList","@id":"https:\/\/immopartners.ch\/en\/a-propos\/#breadcrumb","itemListElement":[{"@type":"ListItem","position":1,"name":"Home","item":"https:\/\/immopartners.ch\/en\/"},{"@type":"ListItem","position":2,"name":"A propos"}]},{"@type":"WebSite","@id":"https:\/\/immopartners.ch\/#website","url":"https:\/\/immopartners.ch\/","name":"IPSA Solutions immobili\u00e8res SA","description":"","publisher":{"@id":"https:\/\/immopartners.ch\/#organization"},"potentialAction":[{"@type":"SearchAction","target":{"@type":"EntryPoint","urlTemplate":"https:\/\/immopartners.ch\/?s={search_term_string}"},"query-input":{"@type":"PropertyValueSpecification","valueRequired":true,"valueName":"search_term_string"}}],"inLanguage":"en-US"},{"@type":"Organization","@id":"https:\/\/immopartners.ch\/#organization","name":"IPSA Solutions immobili\u00e8res SA","url":"https:\/\/immopartners.ch\/","logo":{"@type":"ImageObject","inLanguage":"en-US","@id":"https:\/\/immopartners.ch\/#\/schema\/logo\/image\/","url":"https:\/\/immopartners.ch\/wp-content\/uploads\/sites\/28\/2026\/02\/Logo-IPSA-2026_couleur-scaled.png","contentUrl":"https:\/\/immopartners.ch\/wp-content\/uploads\/sites\/28\/2026\/02\/Logo-IPSA-2026_couleur-scaled.png","width":2560,"height":1612,"caption":"IPSA Solutions immobili\u00e8res SA"},"image":{"@id":"https:\/\/immopartners.ch\/#\/schema\/logo\/image\/"}}]}},"_links":{"self":[{"href":"https:\/\/immopartners.ch\/en\/wp-json\/wp\/v2\/pages\/72","targetHints":{"allow":["GET"]}}],"collection":[{"href":"https:\/\/immopartners.ch\/en\/wp-json\/wp\/v2\/pages"}],"about":[{"href":"https:\/\/immopartners.ch\/en\/wp-json\/wp\/v2\/types\/page"}],"author":[{"embeddable":true,"href":"https:\/\/immopartners.ch\/en\/wp-json\/wp\/v2\/users\/1"}],"replies":[{"embeddable":true,"href":"https:\/\/immopartners.ch\/en\/wp-json\/wp\/v2\/comments?post=72"}],"version-history":[{"count":0,"href":"https:\/\/immopartners.ch\/en\/wp-json\/wp\/v2\/pages\/72\/revisions"}],"wp:attachment":[{"href":"https:\/\/immopartners.ch\/en\/wp-json\/wp\/v2\/media?parent=72"}],"curies":[{"name":"wp","href":"https:\/\/api.w.org\/{rel}","templated":true}]}}